{"version":"1.0","provider_name":"The Conservative","provider_url":"https:\/\/www.theconservative.online\/fr","author_name":"Martin Lynch","author_url":"https:\/\/www.theconservative.online\/fr\/author\/stonebay-eunat-2026-2027","title":"Ce que Jack Lynch avait compris de l'Europe - The Conservative","type":"rich","width":600,"height":338,"html":"<blockquote class=\"wp-embedded-content\" data-secret=\"LqS5iGhA4U\"><a href=\"https:\/\/www.theconservative.online\/fr\/ce-que-jack-lynch-avait-compris-de-leurope\">Ce que Jack Lynch avait compris de l&rsquo;Europe<\/a><\/blockquote><iframe sandbox=\"allow-scripts\" security=\"restricted\" src=\"https:\/\/www.theconservative.online\/fr\/ce-que-jack-lynch-avait-compris-de-leurope\/embed#?secret=LqS5iGhA4U\" width=\"600\" height=\"338\" title=\"\u00ab\u00a0Ce que Jack Lynch avait compris de l&rsquo;Europe\u00a0\u00bb &#8212; The Conservative\" data-secret=\"LqS5iGhA4U\" frameborder=\"0\" marginwidth=\"0\" marginheight=\"0\" scrolling=\"no\" class=\"wp-embedded-content\"><\/iframe><script>\n\/*! This file is auto-generated *\/\n!function(d,l){\"use strict\";l.querySelector&&d.addEventListener&&\"undefined\"!=typeof URL&&(d.wp=d.wp||{},d.wp.receiveEmbedMessage||(d.wp.receiveEmbedMessage=function(e){var t=e.data;if((t||t.secret||t.message||t.value)&&!\/[^a-zA-Z0-9]\/.test(t.secret)){for(var s,r,n,a=l.querySelectorAll('iframe[data-secret=\"'+t.secret+'\"]'),o=l.querySelectorAll('blockquote[data-secret=\"'+t.secret+'\"]'),c=new RegExp(\"^https?:$\",\"i\"),i=0;i<o.length;i++)o[i].style.display=\"none\";for(i=0;i<a.length;i++)s=a[i],e.source===s.contentWindow&&(s.removeAttribute(\"style\"),\"height\"===t.message?(1e3<(r=parseInt(t.value,10))?r=1e3:~~r<200&&(r=200),s.height=r):\"link\"===t.message&&(r=new URL(s.getAttribute(\"src\")),n=new URL(t.value),c.test(n.protocol))&&n.host===r.host&&l.activeElement===s&&(d.top.location.href=t.value))}},d.addEventListener(\"message\",d.wp.receiveEmbedMessage,!1),l.addEventListener(\"DOMContentLoaded\",function(){for(var e,t,s=l.querySelectorAll(\"iframe.wp-embedded-content\"),r=0;r<s.length;r++)(t=(e=s[r]).getAttribute(\"data-secret\"))||(t=Math.random().toString(36).substring(2,12),e.src+=\"#?secret=\"+t,e.setAttribute(\"data-secret\",t)),e.contentWindow.postMessage({message:\"ready\",secret:t},\"*\")},!1)))}(window,document);\n\/\/# sourceURL=https:\/\/www.theconservative.online\/wp-includes\/js\/wp-embed.min.js\n<\/script>\n","thumbnail_url":"https:\/\/www.theconservative.online\/wp-content\/uploads\/2025\/06\/shutterstock_2513756601.jpg","thumbnail_width":1000,"thumbnail_height":750,"description":"Le Fianna F\u00e1il rend hommage \u00e0 Se\u00e1n Lemass et \u00e0 Jack Lynch, qu\u2019il consid\u00e8re comme les artisans de deux changements d\u00e9cisifs dans l\u2019Irlande moderne. Lemass, du moins tel qu\u2019il est g\u00e9n\u00e9ralement per\u00e7u au sein du Fianna F\u00e1il, incarne l\u2019ouverture \u00e9conomique ; Lynch symbolise l\u2019adh\u00e9sion \u00e0 la Communaut\u00e9 \u00e9conomique europ\u00e9enne. Ce r\u00e9cit n\u2019est pas faux, mais [&hellip;]"}