{"version":"1.0","provider_name":"The Conservative","provider_url":"https:\/\/www.theconservative.online\/pl","author_name":"Martin Lynch","author_url":"https:\/\/www.theconservative.online\/pl\/author\/stonebay-eunat-2026-2027","title":"Co Jack Lynch rozumia\u0142 w kwestii Europy - The Conservative","type":"rich","width":600,"height":338,"html":"<blockquote class=\"wp-embedded-content\" data-secret=\"mbMRF5lR9K\"><a href=\"https:\/\/www.theconservative.online\/pl\/co-jack-lynch-rozumial-w-kwestii-europy\">Co Jack Lynch rozumia\u0142 w kwestii Europy<\/a><\/blockquote><iframe sandbox=\"allow-scripts\" security=\"restricted\" src=\"https:\/\/www.theconservative.online\/pl\/co-jack-lynch-rozumial-w-kwestii-europy\/embed#?secret=mbMRF5lR9K\" width=\"600\" height=\"338\" title=\"&#8222;Co Jack Lynch rozumia\u0142 w kwestii Europy&#8221; &#8212; The Conservative\" data-secret=\"mbMRF5lR9K\" frameborder=\"0\" marginwidth=\"0\" marginheight=\"0\" scrolling=\"no\" class=\"wp-embedded-content\"><\/iframe><script>\n\/*! This file is auto-generated *\/\n!function(d,l){\"use strict\";l.querySelector&&d.addEventListener&&\"undefined\"!=typeof URL&&(d.wp=d.wp||{},d.wp.receiveEmbedMessage||(d.wp.receiveEmbedMessage=function(e){var t=e.data;if((t||t.secret||t.message||t.value)&&!\/[^a-zA-Z0-9]\/.test(t.secret)){for(var s,r,n,a=l.querySelectorAll('iframe[data-secret=\"'+t.secret+'\"]'),o=l.querySelectorAll('blockquote[data-secret=\"'+t.secret+'\"]'),c=new RegExp(\"^https?:$\",\"i\"),i=0;i<o.length;i++)o[i].style.display=\"none\";for(i=0;i<a.length;i++)s=a[i],e.source===s.contentWindow&&(s.removeAttribute(\"style\"),\"height\"===t.message?(1e3<(r=parseInt(t.value,10))?r=1e3:~~r<200&&(r=200),s.height=r):\"link\"===t.message&&(r=new URL(s.getAttribute(\"src\")),n=new URL(t.value),c.test(n.protocol))&&n.host===r.host&&l.activeElement===s&&(d.top.location.href=t.value))}},d.addEventListener(\"message\",d.wp.receiveEmbedMessage,!1),l.addEventListener(\"DOMContentLoaded\",function(){for(var e,t,s=l.querySelectorAll(\"iframe.wp-embedded-content\"),r=0;r<s.length;r++)(t=(e=s[r]).getAttribute(\"data-secret\"))||(t=Math.random().toString(36).substring(2,12),e.src+=\"#?secret=\"+t,e.setAttribute(\"data-secret\",t)),e.contentWindow.postMessage({message:\"ready\",secret:t},\"*\")},!1)))}(window,document);\n\/\/# sourceURL=https:\/\/www.theconservative.online\/wp-includes\/js\/wp-embed.min.js\n<\/script>\n","thumbnail_url":"https:\/\/www.theconservative.online\/wp-content\/uploads\/2025\/06\/shutterstock_2513756601.jpg","thumbnail_width":1000,"thumbnail_height":750,"description":"Partia Fianna F\u00e1il upami\u0119tnia Se\u00e1na Lemassa i Jacka Lyncha jako tw\u00f3rc\u00f3w dw\u00f3ch prze\u0142omowych zmian we wsp\u00f3\u0142czesnej Irlandii. Lemass \u2013 przynajmniej w powszechnym postrzeganiu przez Fianna F\u00e1il \u2013 symbolizuje otwarcie gospodarcze, natomiast Lynch \u2013 przyst\u0105pienie do Europejskiej Wsp\u00f3lnoty Gospodarczej. Ta interpretacja nie jest b\u0142\u0119dna, ale pod wieloma istotnymi wzgl\u0119dami jest niekompletna. Lemass rzeczywi\u015bcie opowiada\u0142 si\u0119 za [&hellip;]"}