{"version":"1.0","provider_name":"The Conservative","provider_url":"https:\/\/www.theconservative.online\/sv","author_name":"Richard S\u00f6rman","author_url":"https:\/\/www.theconservative.online\/sv\/author\/riks-euspec-2025-2026","title":"En enad h\u00f6ger m\u00e5ste lyfta fram interna meningsskiljaktigheter - The Conservative","type":"rich","width":600,"height":338,"html":"<blockquote class=\"wp-embedded-content\" data-secret=\"5jAXeThvKx\"><a href=\"https:\/\/www.theconservative.online\/sv\/en-enad-hoger-maste-lyfta-fram-interna-meningsskiljaktigheter\">En enad h\u00f6ger m\u00e5ste lyfta fram interna meningsskiljaktigheter<\/a><\/blockquote><iframe sandbox=\"allow-scripts\" security=\"restricted\" src=\"https:\/\/www.theconservative.online\/sv\/en-enad-hoger-maste-lyfta-fram-interna-meningsskiljaktigheter\/embed#?secret=5jAXeThvKx\" width=\"600\" height=\"338\" title=\"\u201dEn enad h\u00f6ger m\u00e5ste lyfta fram interna meningsskiljaktigheter\u201d &ndash; The Conservative\" data-secret=\"5jAXeThvKx\" frameborder=\"0\" marginwidth=\"0\" marginheight=\"0\" scrolling=\"no\" class=\"wp-embedded-content\"><\/iframe><script>\n\/*! This file is auto-generated *\/\n!function(d,l){\"use strict\";l.querySelector&&d.addEventListener&&\"undefined\"!=typeof URL&&(d.wp=d.wp||{},d.wp.receiveEmbedMessage||(d.wp.receiveEmbedMessage=function(e){var t=e.data;if((t||t.secret||t.message||t.value)&&!\/[^a-zA-Z0-9]\/.test(t.secret)){for(var s,r,n,a=l.querySelectorAll('iframe[data-secret=\"'+t.secret+'\"]'),o=l.querySelectorAll('blockquote[data-secret=\"'+t.secret+'\"]'),c=new RegExp(\"^https?:$\",\"i\"),i=0;i<o.length;i++)o[i].style.display=\"none\";for(i=0;i<a.length;i++)s=a[i],e.source===s.contentWindow&&(s.removeAttribute(\"style\"),\"height\"===t.message?(1e3<(r=parseInt(t.value,10))?r=1e3:~~r<200&&(r=200),s.height=r):\"link\"===t.message&&(r=new URL(s.getAttribute(\"src\")),n=new URL(t.value),c.test(n.protocol))&&n.host===r.host&&l.activeElement===s&&(d.top.location.href=t.value))}},d.addEventListener(\"message\",d.wp.receiveEmbedMessage,!1),l.addEventListener(\"DOMContentLoaded\",function(){for(var e,t,s=l.querySelectorAll(\"iframe.wp-embedded-content\"),r=0;r<s.length;r++)(t=(e=s[r]).getAttribute(\"data-secret\"))||(t=Math.random().toString(36).substring(2,12),e.src+=\"#?secret=\"+t,e.setAttribute(\"data-secret\",t)),e.contentWindow.postMessage({message:\"ready\",secret:t},\"*\")},!1)))}(window,document);\n\/\/# sourceURL=https:\/\/www.theconservative.online\/wp-includes\/js\/wp-embed.min.js\n<\/script>\n","thumbnail_url":"https:\/\/www.theconservative.online\/wp-content\/uploads\/2026\/08\/Sverigebild.jpg","thumbnail_width":1000,"thumbnail_height":667,"description":"Den 13 september \u00e4r det val i Sverige. Den sittande h\u00f6gerregeringen ligger efter i opinionsm\u00e4tningarna, och med tv\u00e5 veckor kvar till valet tyder det mesta p\u00e5 en seger f\u00f6r v\u00e4nstern, \u00e4ven om h\u00f6gern p\u00e5 senare tid har b\u00f6rjat vinna mark. En av utmaningarna f\u00f6r h\u00f6gern \u00e4r att m\u00e5nga v\u00e4ljare fortfarande \u00e4r tveksamma till Sverigedemokraterna, ett [&hellip;]"}