{"version":"1.0","provider_name":"The Conservative","provider_url":"https:\/\/www.theconservative.online\/sv","author_name":"Ulderico de Laurentiis","author_url":"https:\/\/www.theconservative.online\/sv\/author\/youcom-euspec-2025-26","title":"Islands \u201dnej\u201d och Nationernas Europa - The Conservative","type":"rich","width":600,"height":338,"html":"<blockquote class=\"wp-embedded-content\" data-secret=\"15JikBAPPC\"><a href=\"https:\/\/www.theconservative.online\/sv\/islands-nej-och-nationernas-europa\">Islands \u201dnej\u201d och Nationernas Europa<\/a><\/blockquote><iframe sandbox=\"allow-scripts\" security=\"restricted\" src=\"https:\/\/www.theconservative.online\/sv\/islands-nej-och-nationernas-europa\/embed#?secret=15JikBAPPC\" width=\"600\" height=\"338\" title=\"\u201dIslands \u201dnej\u201d och Nationernas Europa\u201d &ndash; The Conservative\" data-secret=\"15JikBAPPC\" frameborder=\"0\" marginwidth=\"0\" marginheight=\"0\" scrolling=\"no\" class=\"wp-embedded-content\"><\/iframe><script>\n\/*! This file is auto-generated *\/\n!function(d,l){\"use strict\";l.querySelector&&d.addEventListener&&\"undefined\"!=typeof URL&&(d.wp=d.wp||{},d.wp.receiveEmbedMessage||(d.wp.receiveEmbedMessage=function(e){var t=e.data;if((t||t.secret||t.message||t.value)&&!\/[^a-zA-Z0-9]\/.test(t.secret)){for(var s,r,n,a=l.querySelectorAll('iframe[data-secret=\"'+t.secret+'\"]'),o=l.querySelectorAll('blockquote[data-secret=\"'+t.secret+'\"]'),c=new RegExp(\"^https?:$\",\"i\"),i=0;i<o.length;i++)o[i].style.display=\"none\";for(i=0;i<a.length;i++)s=a[i],e.source===s.contentWindow&&(s.removeAttribute(\"style\"),\"height\"===t.message?(1e3<(r=parseInt(t.value,10))?r=1e3:~~r<200&&(r=200),s.height=r):\"link\"===t.message&&(r=new URL(s.getAttribute(\"src\")),n=new URL(t.value),c.test(n.protocol))&&n.host===r.host&&l.activeElement===s&&(d.top.location.href=t.value))}},d.addEventListener(\"message\",d.wp.receiveEmbedMessage,!1),l.addEventListener(\"DOMContentLoaded\",function(){for(var e,t,s=l.querySelectorAll(\"iframe.wp-embedded-content\"),r=0;r<s.length;r++)(t=(e=s[r]).getAttribute(\"data-secret\"))||(t=Math.random().toString(36).substring(2,12),e.src+=\"#?secret=\"+t,e.setAttribute(\"data-secret\",t)),e.contentWindow.postMessage({message:\"ready\",secret:t},\"*\")},!1)))}(window,document);\n\/\/# sourceURL=https:\/\/www.theconservative.online\/wp-includes\/js\/wp-embed.min.js\n<\/script>\n","thumbnail_url":"https:\/\/www.theconservative.online\/wp-content\/uploads\/2026\/08\/shutterstock_2575159489.jpg","thumbnail_width":1000,"thumbnail_height":667,"description":"Genom att avvisa ett \u00e5terupptagande av anslutningsf\u00f6rhandlingarna med EU f\u00f6rsvarade isl\u00e4nningarna kontrollen \u00f6ver sina resurser och gav sitt st\u00f6d till en form av europeiskt samarbete som inneb\u00e4r att den demokratiska makten f\u00f6rblir n\u00e4rmare hemlandet. Bryssel hade till\u00e5tit sig att hoppas att Island skulle kunna bli EU:s smidigaste utvidgningsframg\u00e5ng. Landet \u00e4r v\u00e4lm\u00e5ende, demokratiskt och redan integrerat [&hellip;]"}