{"version":"1.0","provider_name":"The Conservative","provider_url":"https:\/\/www.theconservative.online\/sv","author_name":"Iosefina Pascal","author_url":"https:\/\/www.theconservative.online\/sv\/author\/pascal-eunat-2025-26","title":"L\u00f6rdagen i Drobeta: M\u00f6tet som blev AUR:s manifest - The Conservative","type":"rich","width":600,"height":338,"html":"<blockquote class=\"wp-embedded-content\" data-secret=\"7GjvPSNLCM\"><a href=\"https:\/\/www.theconservative.online\/sv\/lordagen-i-drobeta-motet-som-blev-aurs-manifest\">L\u00f6rdagen i Drobeta: M\u00f6tet som blev AUR:s manifest<\/a><\/blockquote><iframe sandbox=\"allow-scripts\" security=\"restricted\" src=\"https:\/\/www.theconservative.online\/sv\/lordagen-i-drobeta-motet-som-blev-aurs-manifest\/embed#?secret=7GjvPSNLCM\" width=\"600\" height=\"338\" title=\"\u201dL\u00f6rdagen i Drobeta: M\u00f6tet som blev AUR:s manifest\u201d &ndash; The Conservative\" data-secret=\"7GjvPSNLCM\" frameborder=\"0\" marginwidth=\"0\" marginheight=\"0\" scrolling=\"no\" class=\"wp-embedded-content\"><\/iframe><script>\n\/*! This file is auto-generated *\/\n!function(d,l){\"use strict\";l.querySelector&&d.addEventListener&&\"undefined\"!=typeof URL&&(d.wp=d.wp||{},d.wp.receiveEmbedMessage||(d.wp.receiveEmbedMessage=function(e){var t=e.data;if((t||t.secret||t.message||t.value)&&!\/[^a-zA-Z0-9]\/.test(t.secret)){for(var s,r,n,a=l.querySelectorAll('iframe[data-secret=\"'+t.secret+'\"]'),o=l.querySelectorAll('blockquote[data-secret=\"'+t.secret+'\"]'),c=new RegExp(\"^https?:$\",\"i\"),i=0;i<o.length;i++)o[i].style.display=\"none\";for(i=0;i<a.length;i++)s=a[i],e.source===s.contentWindow&&(s.removeAttribute(\"style\"),\"height\"===t.message?(1e3<(r=parseInt(t.value,10))?r=1e3:~~r<200&&(r=200),s.height=r):\"link\"===t.message&&(r=new URL(s.getAttribute(\"src\")),n=new URL(t.value),c.test(n.protocol))&&n.host===r.host&&l.activeElement===s&&(d.top.location.href=t.value))}},d.addEventListener(\"message\",d.wp.receiveEmbedMessage,!1),l.addEventListener(\"DOMContentLoaded\",function(){for(var e,t,s=l.querySelectorAll(\"iframe.wp-embedded-content\"),r=0;r<s.length;r++)(t=(e=s[r]).getAttribute(\"data-secret\"))||(t=Math.random().toString(36).substring(2,12),e.src+=\"#?secret=\"+t,e.setAttribute(\"data-secret\",t)),e.contentWindow.postMessage({message:\"ready\",secret:t},\"*\")},!1)))}(window,document);\n\/\/# sourceURL=https:\/\/www.theconservative.online\/wp-includes\/js\/wp-embed.min.js\n<\/script>\n","thumbnail_url":"https:\/\/www.theconservative.online\/wp-content\/uploads\/2026\/08\/AURCNC.jpg","thumbnail_width":1792,"thumbnail_height":1008,"description":"Drobeta-Turnu Severin \u00e4r inte den f\u00f6rsta plats man skulle f\u00f6rv\u00e4nta sig att en politisk omv\u00e4lvning skulle ta sin b\u00f6rjan, men i l\u00f6rdags blev staden scenen d\u00e4r AUR lade fram hela sin strategi inf\u00f6r den parlamentssession som inleds p\u00e5 tisdag. Partiets nationella ledningsr\u00e5d (CNC) sammantr\u00e4dde f\u00f6r vad som utannonserades som ett rutinm\u00e4ssigt strategim\u00f6te och kom d\u00e4rifr\u00e5n [&hellip;]"}