{"version":"1.0","provider_name":"The Conservative","provider_url":"https:\/\/www.theconservative.online\/sv","author_name":"Martin Lynch","author_url":"https:\/\/www.theconservative.online\/sv\/author\/stonebay-euspec-2025-26","title":"Partisk och ofri: Irlands statsst\u00f6dda medielandskap - The Conservative","type":"rich","width":600,"height":338,"html":"<blockquote class=\"wp-embedded-content\" data-secret=\"UtnTRtDJrz\"><a href=\"https:\/\/www.theconservative.online\/sv\/partisk-och-ofri-irlands-statsstodda-medielandskap\">Partisk och ofri: Irlands statsst\u00f6dda medielandskap<\/a><\/blockquote><iframe sandbox=\"allow-scripts\" security=\"restricted\" src=\"https:\/\/www.theconservative.online\/sv\/partisk-och-ofri-irlands-statsstodda-medielandskap\/embed#?secret=UtnTRtDJrz\" width=\"600\" height=\"338\" title=\"\u201dPartisk och ofri: Irlands statsst\u00f6dda medielandskap\u201d &ndash; The Conservative\" data-secret=\"UtnTRtDJrz\" frameborder=\"0\" marginwidth=\"0\" marginheight=\"0\" scrolling=\"no\" class=\"wp-embedded-content\"><\/iframe><script>\n\/*! This file is auto-generated *\/\n!function(d,l){\"use strict\";l.querySelector&&d.addEventListener&&\"undefined\"!=typeof URL&&(d.wp=d.wp||{},d.wp.receiveEmbedMessage||(d.wp.receiveEmbedMessage=function(e){var t=e.data;if((t||t.secret||t.message||t.value)&&!\/[^a-zA-Z0-9]\/.test(t.secret)){for(var s,r,n,a=l.querySelectorAll('iframe[data-secret=\"'+t.secret+'\"]'),o=l.querySelectorAll('blockquote[data-secret=\"'+t.secret+'\"]'),c=new RegExp(\"^https?:$\",\"i\"),i=0;i<o.length;i++)o[i].style.display=\"none\";for(i=0;i<a.length;i++)s=a[i],e.source===s.contentWindow&&(s.removeAttribute(\"style\"),\"height\"===t.message?(1e3<(r=parseInt(t.value,10))?r=1e3:~~r<200&&(r=200),s.height=r):\"link\"===t.message&&(r=new URL(s.getAttribute(\"src\")),n=new URL(t.value),c.test(n.protocol))&&n.host===r.host&&l.activeElement===s&&(d.top.location.href=t.value))}},d.addEventListener(\"message\",d.wp.receiveEmbedMessage,!1),l.addEventListener(\"DOMContentLoaded\",function(){for(var e,t,s=l.querySelectorAll(\"iframe.wp-embedded-content\"),r=0;r<s.length;r++)(t=(e=s[r]).getAttribute(\"data-secret\"))||(t=Math.random().toString(36).substring(2,12),e.src+=\"#?secret=\"+t,e.setAttribute(\"data-secret\",t)),e.contentWindow.postMessage({message:\"ready\",secret:t},\"*\")},!1)))}(window,document);\n\/\/# sourceURL=https:\/\/www.theconservative.online\/wp-includes\/js\/wp-embed.min.js\n<\/script>\n","thumbnail_url":"https:\/\/www.theconservative.online\/wp-content\/uploads\/2024\/02\/shutterstock_2256586921.jpg","thumbnail_width":1000,"thumbnail_height":666,"description":"Det irl\u00e4ndska medielandskapet \u00e4r fortfarande ett av de mest politiskt underordnade sin regering i hela Europa. Fr\u00e5n de str\u00e4ngaste \u00e4rekr\u00e4nkningslagarna i Europa \u2013 som begr\u00e4nsar den irl\u00e4ndska pressens publiceringsfrihet \u2013 till beviljandet av statliga subventioner som h\u00e5ller ol\u00f6nsamma nyhetsmedier flytande, \u00e4r de irl\u00e4ndska medierna f\u00f6ljaktligen okritiska och mutade. Ett antal andra faktorer, s\u00e5som statlig finansiering [&hellip;]"}